{"id":6374,"date":"2023-03-15T13:35:18","date_gmt":"2023-03-15T13:35:18","guid":{"rendered":"https:\/\/collegetroisvallees.be\/notredamedesanges\/?page_id=6374"},"modified":"2025-01-28T12:58:30","modified_gmt":"2025-01-28T12:58:30","slug":"projet-pedagogique","status":"publish","type":"page","link":"https:\/\/collegetroisvallees.be\/notredamedesanges\/projet-pedagogique\/","title":{"rendered":"Projet p\u00e9dagogique"},"content":{"rendered":"\t\t<div data-elementor-type=\"wp-page\" data-elementor-id=\"6374\" class=\"elementor elementor-6374\">\n\t\t\t\t\t\t<section class=\"elementor-section elementor-top-section elementor-element elementor-element-2e452e3e elementor-section-boxed elementor-section-height-default elementor-section-height-default\" data-id=\"2e452e3e\" data-element_type=\"section\" data-e-type=\"section\">\n\t\t\t\t\t\t<div class=\"elementor-container elementor-column-gap-default\">\n\t\t\t\t\t<div class=\"elementor-column elementor-col-100 elementor-top-column elementor-element elementor-element-1c8d610b\" data-id=\"1c8d610b\" data-element_type=\"column\" data-e-type=\"column\">\n\t\t\t<div class=\"elementor-widget-wrap elementor-element-populated\">\n\t\t\t\t\t\t<div class=\"elementor-element elementor-element-776967a4 elementor-widget elementor-widget-spacer\" data-id=\"776967a4\" data-element_type=\"widget\" data-e-type=\"widget\" data-widget_type=\"spacer.default\">\n\t\t\t\t<div class=\"elementor-widget-container\">\n\t\t\t\t\t\t\t<div class=\"elementor-spacer\">\n\t\t\t<div class=\"elementor-spacer-inner\"><\/div>\n\t\t<\/div>\n\t\t\t\t\t\t<\/div>\n\t\t\t\t<\/div>\n\t\t\t\t\t<\/div>\n\t\t<\/div>\n\t\t\t\t\t<\/div>\n\t\t<\/section>\n\t\t\t\t<section class=\"elementor-section elementor-top-section elementor-element elementor-element-14f9b135 elementor-section-boxed elementor-section-height-default elementor-section-height-default\" data-id=\"14f9b135\" data-element_type=\"section\" data-e-type=\"section\">\n\t\t\t\t\t\t<div class=\"elementor-container elementor-column-gap-default\">\n\t\t\t\t\t<div class=\"elementor-column elementor-col-100 elementor-top-column elementor-element elementor-element-19baf81a\" data-id=\"19baf81a\" data-element_type=\"column\" data-e-type=\"column\">\n\t\t\t<div class=\"elementor-widget-wrap elementor-element-populated\">\n\t\t\t\t\t\t<div class=\"elementor-element elementor-element-75f12abf animated-slow elementor-invisible elementor-widget elementor-widget-heading\" data-id=\"75f12abf\" data-element_type=\"widget\" data-e-type=\"widget\" data-settings=\"{&quot;_animation&quot;:&quot;fadeIn&quot;}\" data-widget_type=\"heading.default\">\n\t\t\t\t<div class=\"elementor-widget-container\">\n\t\t\t\t\t<h1 class=\"elementor-heading-title elementor-size-default\">Projet p\u00e9dagogique<\/h1>\t\t\t\t<\/div>\n\t\t\t\t<\/div>\n\t\t\t\t<div class=\"elementor-element elementor-element-d19f156 elementor-view-default elementor-position-block-start elementor-mobile-position-block-start elementor-widget elementor-widget-icon-box\" data-id=\"d19f156\" data-element_type=\"widget\" data-e-type=\"widget\" data-widget_type=\"icon-box.default\">\n\t\t\t\t<div class=\"elementor-widget-container\">\n\t\t\t\t\t\t\t<div class=\"elementor-icon-box-wrapper\">\n\n\t\t\t\t\t\t<div class=\"elementor-icon-box-icon\">\n\t\t\t\t<a href=\"https:\/\/collegetroisvallees.be\/notredamedesanges\/wp-content\/uploads\/2023\/03\/3v-201006-Pr-peda-PO.pdf\" target=\"_blank\" class=\"elementor-icon elementor-animation-grow\" tabindex=\"-1\" aria-label=\"Fichier t\u00e9l\u00e9chargeable\">\n\t\t\t\t<i aria-hidden=\"true\" class=\"fas fa-file-pdf\"><\/i>\t\t\t\t<\/a>\n\t\t\t<\/div>\n\t\t\t\n\t\t\t\t\t\t<div class=\"elementor-icon-box-content\">\n\n\t\t\t\t\t\t\t\t\t<h4 class=\"elementor-icon-box-title\">\n\t\t\t\t\t\t<a href=\"https:\/\/collegetroisvallees.be\/notredamedesanges\/wp-content\/uploads\/2023\/03\/3v-201006-Pr-peda-PO.pdf\" target=\"_blank\" >\n\t\t\t\t\t\t\tFichier t\u00e9l\u00e9chargeable\t\t\t\t\t\t<\/a>\n\t\t\t\t\t<\/h4>\n\t\t\t\t\n\t\t\t\t\n\t\t\t<\/div>\n\t\t\t\n\t\t<\/div>\n\t\t\t\t\t\t<\/div>\n\t\t\t\t<\/div>\n\t\t\t\t\t<\/div>\n\t\t<\/div>\n\t\t\t\t\t<\/div>\n\t\t<\/section>\n\t\t\t\t<section class=\"elementor-section elementor-top-section elementor-element elementor-element-d9a0ec2 elementor-section-boxed elementor-section-height-default elementor-section-height-default\" data-id=\"d9a0ec2\" data-element_type=\"section\" data-e-type=\"section\">\n\t\t\t\t\t\t<div class=\"elementor-container elementor-column-gap-default\">\n\t\t\t\t\t<div class=\"elementor-column elementor-col-100 elementor-top-column elementor-element elementor-element-a27afa8\" data-id=\"a27afa8\" data-element_type=\"column\" data-e-type=\"column\">\n\t\t\t<div class=\"elementor-widget-wrap elementor-element-populated\">\n\t\t\t\t\t\t<div class=\"elementor-element elementor-element-35f49ee elementor-widget elementor-widget-heading\" data-id=\"35f49ee\" data-element_type=\"widget\" data-e-type=\"widget\" data-widget_type=\"heading.default\">\n\t\t\t\t<div class=\"elementor-widget-container\">\n\t\t\t\t\t<h2 class=\"elementor-heading-title elementor-size-default\">Pr\u00e9ambule<\/h2>\t\t\t\t<\/div>\n\t\t\t\t<\/div>\n\t\t\t\t<div class=\"elementor-element elementor-element-3c06525 elementor-widget elementor-widget-text-editor\" data-id=\"3c06525\" data-element_type=\"widget\" data-e-type=\"widget\" data-widget_type=\"text-editor.default\">\n\t\t\t\t<div class=\"elementor-widget-container\">\n\t\t\t\t\t\t\t\t\t<div class=\"page\" title=\"Page 1\"><div class=\"layoutArea\"><div class=\"column\"><p>Le Pouvoir organisateur, soucieux de procurer a\u0300 tous les e\u0301le\u0300ves une e\u0301ducation et une formation ouvertes sur le monde par le biais d\u2019une vision chre\u0301tienne et humaniste de la socie\u0301te\u0301, propose des approches originales en re\u0301fe\u0301rence au de\u0301cret \u201cMissions\u201d, promulgue\u0301 par la Communaute\u0301 franc\u0327aise de Belgique et au document \u201cMissions de l\u2019e\u0301cole chre\u0301tienne\u201d.<\/p><p>L\u2019e\u0301cole entretient, entre les diffe\u0301rents acteurs, des relations harmonieuses, conviviales et solidaires dans le respect des droits et devoirs de tous.<\/p>L\u2019e\u0301quipe e\u0301ducative trouve, dans la coope\u0301ration et la collaboration, sens et ressources a\u0300 sa mission en re\u0301fe\u0301rence au de\u0301cret \u201cPacte pour un enseignement d\u2019excellence\u201d.<br \/>Ses membres, chacun dans sa fonction propre, sont e\u0301galement et collectivement moteurs essentiels du de\u0301veloppement de l\u2019e\u0301le\u0300ve. Leurs responsabilite\u0301s englobent les champs des savoirs (cognitifs, savoirs-faire, savoirs-e\u0302tre et savoirs-devenir) et des compe\u0301tences.<\/div><\/div><\/div>\t\t\t\t\t\t\t\t<\/div>\n\t\t\t\t<\/div>\n\t\t\t\t\t<\/div>\n\t\t<\/div>\n\t\t\t\t\t<\/div>\n\t\t<\/section>\n\t\t\t\t<section class=\"elementor-section elementor-top-section elementor-element elementor-element-5bf06a2 elementor-section-boxed elementor-section-height-default elementor-section-height-default\" data-id=\"5bf06a2\" data-element_type=\"section\" data-e-type=\"section\">\n\t\t\t\t\t\t<div class=\"elementor-container elementor-column-gap-default\">\n\t\t\t\t\t<div class=\"elementor-column elementor-col-100 elementor-top-column elementor-element elementor-element-fa52857\" data-id=\"fa52857\" data-element_type=\"column\" data-e-type=\"column\">\n\t\t\t<div class=\"elementor-widget-wrap elementor-element-populated\">\n\t\t\t\t\t\t<div class=\"elementor-element elementor-element-1943326 elementor-widget elementor-widget-heading\" data-id=\"1943326\" data-element_type=\"widget\" data-e-type=\"widget\" data-widget_type=\"heading.default\">\n\t\t\t\t<div class=\"elementor-widget-container\">\n\t\t\t\t\t<h2 class=\"elementor-heading-title elementor-size-default\">Au centre : l\u2019\u00e9l\u00e8ve<\/h2>\t\t\t\t<\/div>\n\t\t\t\t<\/div>\n\t\t\t\t<div class=\"elementor-element elementor-element-0b441ee elementor-widget elementor-widget-heading\" data-id=\"0b441ee\" data-element_type=\"widget\" data-e-type=\"widget\" data-widget_type=\"heading.default\">\n\t\t\t\t<div class=\"elementor-widget-container\">\n\t\t\t\t\t<h3 class=\"elementor-heading-title elementor-size-default\">L\u2019\u00e9l\u00e8ve est un \u00eatre unique<\/h3>\t\t\t\t<\/div>\n\t\t\t\t<\/div>\n\t\t\t\t<div class=\"elementor-element elementor-element-0fb807e elementor-widget elementor-widget-text-editor\" data-id=\"0fb807e\" data-element_type=\"widget\" data-e-type=\"widget\" data-widget_type=\"text-editor.default\">\n\t\t\t\t<div class=\"elementor-widget-container\">\n\t\t\t\t\t\t\t\t\t<div class=\"page\" title=\"Page 1\"><div class=\"layoutArea\"><div class=\"column\"><p>Dans une relation de confiance, d\u2019e\u0301coute et de dialogue, nous visons le meilleur parcours de re\u0301ussite pour chaque e\u0301le\u0300ve en favorisant une pe\u0301dagogie diffe\u0301rencie\u0301e explicite. Les savoirs sont construits avec les apprenants dans un climat d\u2019attente e\u0301leve\u0301e.<\/p><p>L\u2019e\u0301le\u0300ve est reconnu dans sa spe\u0301cificite\u0301 et amene\u0301 a\u0300 progresser pour atteindre un projet personnel le rendant autonome et responsable.<\/p><p>Nous prenons re\u0301gulie\u0300rement en compte le parcours de l\u2019e\u0301le\u0300ve en e\u0301quipes pluridisciplinaires (enseignants, e\u0301ducateurs, e\u0301quipe PMS, cellules d\u2019e\u0301coute&#8230;).<\/p><p>L\u2019organisation des apprentissages prend en conside\u0301ration le rythme scolaire et, autant que faire se peut, le bien-e\u0302tre des e\u0301le\u0300ves et des groupes-classes (calendrier et types d\u2019activite\u0301s, cours au quotidien, planning des e\u0301valuations&#8230;).<\/p><\/div><\/div><\/div>\t\t\t\t\t\t\t\t<\/div>\n\t\t\t\t<\/div>\n\t\t\t\t<div class=\"elementor-element elementor-element-7f690c9 elementor-widget elementor-widget-heading\" data-id=\"7f690c9\" data-element_type=\"widget\" data-e-type=\"widget\" data-widget_type=\"heading.default\">\n\t\t\t\t<div class=\"elementor-widget-container\">\n\t\t\t\t\t<h3 class=\"elementor-heading-title elementor-size-default\">L\u2019\u00e9l\u00e8ve est un \u00eatre en construction<\/h3>\t\t\t\t<\/div>\n\t\t\t\t<\/div>\n\t\t\t\t<div class=\"elementor-element elementor-element-6fc24b1 elementor-widget elementor-widget-text-editor\" data-id=\"6fc24b1\" data-element_type=\"widget\" data-e-type=\"widget\" data-widget_type=\"text-editor.default\">\n\t\t\t\t<div class=\"elementor-widget-container\">\n\t\t\t\t\t\t\t\t\t<div class=\"page\" title=\"Page 1\"><div class=\"layoutArea\"><div class=\"column\"><p>Nous suscitons le plaisir d\u2019apprendre par la qualite\u0301 du lien didactique, l\u2019exercice\u00a0de l\u2019auto-e\u0301valuation et l\u2019e\u0301ducation a\u0300 l\u2019esprit critique.<\/p><div class=\"column\"><p>En e\u0301quipe, nous planifions la progressivite\u0301 des curriculums (contenus qui ont du sens, apportent des de\u0301fis, e\u0301talent les difficulte\u0301s avec re\u0301gularite\u0301 et progressivite\u0301).<\/p><p>L\u2019e\u0301valuation est d\u2019abord formative, pour que chaque e\u0301le\u0300ve apprenne a\u0300 connai\u0302tre ses progre\u0300s et, a\u0300 assumer et de\u0301passer ses difficulte\u0301s.<\/p><p>Nous communiquons les objets d\u2019apprentissage et les crite\u0300res utilise\u0301s de fac\u0327on transparente et explicite. Nous analysons les re\u0301sultats des e\u0301preuves dans un dialogue constructif avec l\u2019e\u0301le\u0300ve.<\/p><div class=\"page\" title=\"Page 2\"><div class=\"layoutArea\"><div class=\"column\"><p>Nous amenons l\u2019e\u0301le\u0300ve a\u0300 s\u2019impliquer dans sa formation en lui donnant les moyens de poser des choix et de prendre des de\u0301cisions (participation au sein de l\u2019e\u0301cole, e\u0301changes entre les e\u0301tablissements, mise en re\u0301seau des personnes implique\u0301es, activite\u0301s comple\u0301mentaires et d\u2019orientation, stages d\u2019observation ou stages actifs en milieu professionnel&#8230;)<\/p><\/div><\/div><\/div><\/div><\/div><\/div><\/div>\t\t\t\t\t\t\t\t<\/div>\n\t\t\t\t<\/div>\n\t\t\t\t<div class=\"elementor-element elementor-element-4ac9a65 elementor-widget elementor-widget-heading\" data-id=\"4ac9a65\" data-element_type=\"widget\" data-e-type=\"widget\" data-widget_type=\"heading.default\">\n\t\t\t\t<div class=\"elementor-widget-container\">\n\t\t\t\t\t<h3 class=\"elementor-heading-title elementor-size-default\">L\u2019\u00e9l\u00e8ve est un \u00eatre qui communique<\/h3>\t\t\t\t<\/div>\n\t\t\t\t<\/div>\n\t\t\t\t<div class=\"elementor-element elementor-element-4598679 elementor-widget elementor-widget-text-editor\" data-id=\"4598679\" data-element_type=\"widget\" data-e-type=\"widget\" data-widget_type=\"text-editor.default\">\n\t\t\t\t<div class=\"elementor-widget-container\">\n\t\t\t\t\t\t\t\t\t<div class=\"page\" title=\"Page 2\"><div class=\"layoutArea\"><div class=\"column\"><p>Une attention particulie\u0300re est porte\u0301e a\u0300 la mai\u0302trise du franc\u0327ais. Pour ce faire, nous donnons a\u0300 chaque e\u0301le\u0300ve l\u2019opportunite\u0301 de s\u2019exercer aux diffe\u0301rents modes d\u2019expression.<\/p><p>Nous organisons des classes d\u2019immersion en ne\u0301erlandais de\u0300s la 3e\u0300me Maternelle. Au Secondaire, cette option est ouverte aussi bien aux e\u0301le\u0300ves en immersion tardive qu\u2019en immersion continue\u0301e.<\/p><p>Nous proposons une e\u0301ducation a\u0300 l\u2019utilisation efficiente et approprie\u0301e des nouvelles technologies qui sont devenues une discipline indissociable de la formation et de la vie professionnelle et un outil incontournable dans la communication. Nous amenons les jeunes a\u0300 se construire une e\u0301thique personnelle qui les pre\u0301munisse des de\u0301rives.<\/p><\/div><\/div><\/div>\t\t\t\t\t\t\t\t<\/div>\n\t\t\t\t<\/div>\n\t\t\t\t<div class=\"elementor-element elementor-element-39be5d0 elementor-widget elementor-widget-heading\" data-id=\"39be5d0\" data-element_type=\"widget\" data-e-type=\"widget\" data-widget_type=\"heading.default\">\n\t\t\t\t<div class=\"elementor-widget-container\">\n\t\t\t\t\t<h3 class=\"elementor-heading-title elementor-size-default\">L\u2019\u00e9l\u00e8ve est un acteur social<\/h3>\t\t\t\t<\/div>\n\t\t\t\t<\/div>\n\t\t\t\t<div class=\"elementor-element elementor-element-18100b8 elementor-widget elementor-widget-text-editor\" data-id=\"18100b8\" data-element_type=\"widget\" data-e-type=\"widget\" data-widget_type=\"text-editor.default\">\n\t\t\t\t<div class=\"elementor-widget-container\">\n\t\t\t\t\t\t\t\t\t<div class=\"page\" title=\"Page 2\"><div class=\"layoutArea\"><div class=\"column\"><p>Nous participons a\u0300 la cre\u0301ation d\u2019un tissu social structure\u0301, propice a\u0300 la motivation et au bien-e\u0302tre (titulariat, activite\u0301s d\u2019appartenance, conseils de tous, conseils des e\u0301le\u0300ves, conseil de participation).<\/p><p>Nous promouvons le \u201cvivre ensemble\u201d dont l\u2019objectif est d\u2019assurer au sein des trois e\u0301tablissements le respect de soi, de l\u2019autre et du cadre de vie.<\/p><p>Nous encourageons toute de\u0301marche favorisant l\u2019e\u0301veil des sensibilite\u0301s au \u201cbeau\u201d, a\u0300 l\u2019autre, au monde. Nous promouvons la prise de conscience europe\u0301enne, aux droits humains, au de\u0301veloppement durable, aux proble\u0300mes environnementaux et a\u0300 la qualite\u0301 de vie.<\/p><p>Nous initions les jeunes a\u0300 la diversite\u0301 des cultures et des convictions, a\u0300 l\u2019actualite\u0301 du monde, a\u0300 la cre\u0301ativite\u0301 en vue de leur permettre non seulement l\u2019adaptation a\u0300 la socie\u0301te\u0301 plurielle mais aussi le de\u0301sir et la force de la transformer (activite\u0301s spirituelles, sociales, culturelles, artistiques et sportives).<\/p><\/div><\/div><\/div>\t\t\t\t\t\t\t\t<\/div>\n\t\t\t\t<\/div>\n\t\t\t\t\t<\/div>\n\t\t<\/div>\n\t\t\t\t\t<\/div>\n\t\t<\/section>\n\t\t\t\t<section class=\"elementor-section elementor-top-section elementor-element elementor-element-dbd1b57 elementor-section-boxed elementor-section-height-default elementor-section-height-default\" data-id=\"dbd1b57\" data-element_type=\"section\" data-e-type=\"section\">\n\t\t\t\t\t\t<div class=\"elementor-container elementor-column-gap-default\">\n\t\t\t\t\t<div class=\"elementor-column elementor-col-100 elementor-top-column elementor-element elementor-element-10714eb\" data-id=\"10714eb\" data-element_type=\"column\" data-e-type=\"column\">\n\t\t\t<div class=\"elementor-widget-wrap elementor-element-populated\">\n\t\t\t\t\t\t<div class=\"elementor-element elementor-element-2768e28 elementor-widget elementor-widget-heading\" data-id=\"2768e28\" data-element_type=\"widget\" data-e-type=\"widget\" data-widget_type=\"heading.default\">\n\t\t\t\t<div class=\"elementor-widget-container\">\n\t\t\t\t\t<h2 class=\"elementor-heading-title elementor-size-default\">\u201cDonner l\u2019exemple n\u2019est pas le principal moyen d\u2019influencer les autres, c\u2019est le seul moyen\u201d<\/h2>\t\t\t\t<\/div>\n\t\t\t\t<\/div>\n\t\t\t\t<div class=\"elementor-element elementor-element-1327939 elementor-widget elementor-widget-heading\" data-id=\"1327939\" data-element_type=\"widget\" data-e-type=\"widget\" data-widget_type=\"heading.default\">\n\t\t\t\t<div class=\"elementor-widget-container\">\n\t\t\t\t\t<h3 class=\"elementor-heading-title elementor-size-default\">Albert Einstein<\/h3>\t\t\t\t<\/div>\n\t\t\t\t<\/div>\n\t\t\t\t\t<\/div>\n\t\t<\/div>\n\t\t\t\t\t<\/div>\n\t\t<\/section>\n\t\t\t\t<section class=\"elementor-section elementor-top-section elementor-element elementor-element-8323182 elementor-section-boxed elementor-section-height-default elementor-section-height-default\" data-id=\"8323182\" data-element_type=\"section\" data-e-type=\"section\">\n\t\t\t\t\t\t<div class=\"elementor-container elementor-column-gap-default\">\n\t\t\t\t\t<div class=\"elementor-column elementor-col-100 elementor-top-column elementor-element elementor-element-eb18f76\" data-id=\"eb18f76\" data-element_type=\"column\" data-e-type=\"column\">\n\t\t\t<div class=\"elementor-widget-wrap elementor-element-populated\">\n\t\t\t\t\t\t<div class=\"elementor-element elementor-element-5875365 elementor-widget elementor-widget-spacer\" data-id=\"5875365\" data-element_type=\"widget\" data-e-type=\"widget\" data-widget_type=\"spacer.default\">\n\t\t\t\t<div class=\"elementor-widget-container\">\n\t\t\t\t\t\t\t<div class=\"elementor-spacer\">\n\t\t\t<div class=\"elementor-spacer-inner\"><\/div>\n\t\t<\/div>\n\t\t\t\t\t\t<\/div>\n\t\t\t\t<\/div>\n\t\t\t\t\t<\/div>\n\t\t<\/div>\n\t\t\t\t\t<\/div>\n\t\t<\/section>\n\t\t\t\t<\/div>\n\t\t","protected":false},"excerpt":{"rendered":"<p>Projet p\u00e9dagogique Fichier t\u00e9l\u00e9chargeable Pr\u00e9ambule Le Pouvoir organisateur, soucieux de procurer a\u0300 tous les e\u0301le\u0300ves une e\u0301ducation et une formation ouvertes sur le monde par le biais d\u2019une vision chre\u0301tienne et humaniste de la socie\u0301te\u0301, propose des approches originales en re\u0301fe\u0301rence au de\u0301cret \u201cMissions\u201d, promulgue\u0301 par la Communaute\u0301 franc\u0327aise de Belgique et au document \u201cMissions [&hellip;]<\/p>\n","protected":false},"author":1,"featured_media":0,"parent":0,"menu_order":0,"comment_status":"closed","ping_status":"closed","template":"","meta":{"site-sidebar-layout":"no-sidebar","site-content-layout":"page-builder","ast-site-content-layout":"default","site-content-style":"default","site-sidebar-style":"default","ast-global-header-display":"","ast-banner-title-visibility":"","ast-main-header-display":"","ast-hfb-above-header-display":"","ast-hfb-below-header-display":"","ast-hfb-mobile-header-display":"","site-post-title":"disabled","ast-breadcrumbs-content":"","ast-featured-img":"disabled","footer-sml-layout":"","ast-disable-related-posts":"","theme-transparent-header-meta":"","adv-header-id-meta":"","stick-header-meta":"","header-above-stick-meta":"","header-main-stick-meta":"","header-below-stick-meta":"","astra-migrate-meta-layouts":"default","ast-page-background-enabled":"default","ast-page-background-meta":{"desktop":{"background-color":"var(--ast-global-color-4)","background-image":"","background-repeat":"repeat","background-position":"center center","background-size":"auto","background-attachment":"scroll","background-type":"","background-media":"","overlay-type":"","overlay-color":"","overlay-opacity":"","overlay-gradient":""},"tablet":{"background-color":"","background-image":"","background-repeat":"repeat","background-position":"center center","background-size":"auto","background-attachment":"scroll","background-type":"","background-media":"","overlay-type":"","overlay-color":"","overlay-opacity":"","overlay-gradient":""},"mobile":{"background-color":"","background-image":"","background-repeat":"repeat","background-position":"center center","background-size":"auto","background-attachment":"scroll","background-type":"","background-media":"","overlay-type":"","overlay-color":"","overlay-opacity":"","overlay-gradient":""}},"ast-content-background-meta":{"desktop":{"background-color":"var(--ast-global-color-5)","background-image":"","background-repeat":"repeat","background-position":"center center","background-size":"auto","background-attachment":"scroll","background-type":"","background-media":"","overlay-type":"","overlay-color":"","overlay-opacity":"","overlay-gradient":""},"tablet":{"background-color":"var(--ast-global-color-5)","background-image":"","background-repeat":"repeat","background-position":"center center","background-size":"auto","background-attachment":"scroll","background-type":"","background-media":"","overlay-type":"","overlay-color":"","overlay-opacity":"","overlay-gradient":""},"mobile":{"background-color":"var(--ast-global-color-5)","background-image":"","background-repeat":"repeat","background-position":"center center","background-size":"auto","background-attachment":"scroll","background-type":"","background-media":"","overlay-type":"","overlay-color":"","overlay-opacity":"","overlay-gradient":""}},"footnotes":""},"class_list":["post-6374","page","type-page","status-publish","hentry"],"yoast_head":"<!-- This site is optimized with the Yoast SEO plugin v27.5 - https:\/\/yoast.com\/product\/yoast-seo-wordpress\/ -->\n<title>Projet \u00e9ducatif Notre-Dame des Anges<\/title>\n<meta name=\"description\" content=\"Le projet p\u00e9dagogique ne peut exister sans le projet \u00e9ducatif, il traduit dans nos pratiques les intentions de celui-ci.\" \/>\n<meta name=\"robots\" content=\"index, follow, max-snippet:-1, max-image-preview:large, max-video-preview:-1\" \/>\n<link rel=\"canonical\" href=\"https:\/\/collegetroisvallees.be\/notredamedesanges\/projet-pedagogique\/\" \/>\n<meta property=\"og:locale\" content=\"fr_FR\" \/>\n<meta property=\"og:type\" content=\"article\" \/>\n<meta property=\"og:title\" content=\"Coll\u00e8ge Notre-Dame des Anges\" \/>\n<meta property=\"og:description\" content=\"Situ\u00e9 \u00e0 Genval en Brabant wallon, ce coll\u00e8ge familial propose une fili\u00e8re francophone et une immersion en n\u00e9erlandais.\" \/>\n<meta property=\"og:url\" content=\"https:\/\/collegetroisvallees.be\/notredamedesanges\/projet-pedagogique\/\" \/>\n<meta property=\"og:site_name\" content=\"Notre-Dame des Anges\" \/>\n<meta property=\"article:publisher\" content=\"https:\/\/www.facebook.com\/profile.php?id=100048287660729\" \/>\n<meta property=\"article:modified_time\" content=\"2025-01-28T12:58:30+00:00\" \/>\n<meta property=\"og:image\" content=\"https:\/\/collegetroisvallees.be\/notredamedesanges\/wp-content\/uploads\/2023\/03\/cropped-Logo_CND3V.png\" \/>\n\t<meta property=\"og:image:width\" content=\"800\" \/>\n\t<meta property=\"og:image:height\" content=\"260\" \/>\n\t<meta property=\"og:image:type\" content=\"image\/png\" \/>\n<meta name=\"twitter:card\" content=\"summary_large_image\" \/>\n<meta name=\"twitter:label1\" content=\"Dur\u00e9e de lecture estim\u00e9e\" \/>\n\t<meta name=\"twitter:data1\" content=\"4 minutes\" \/>\n<script type=\"application\/ld+json\" class=\"yoast-schema-graph\">{\"@context\":\"https:\\\/\\\/schema.org\",\"@graph\":[{\"@type\":\"WebPage\",\"@id\":\"https:\\\/\\\/collegetroisvallees.be\\\/notredamedesanges\\\/projet-pedagogique\\\/\",\"url\":\"https:\\\/\\\/collegetroisvallees.be\\\/notredamedesanges\\\/projet-pedagogique\\\/\",\"name\":\"Projet \u00e9ducatif Notre-Dame des Anges\",\"isPartOf\":{\"@id\":\"https:\\\/\\\/collegetroisvallees.be\\\/notredamedesanges\\\/#website\"},\"datePublished\":\"2023-03-15T13:35:18+00:00\",\"dateModified\":\"2025-01-28T12:58:30+00:00\",\"description\":\"Le projet p\u00e9dagogique ne peut exister sans le projet \u00e9ducatif, il traduit dans nos pratiques les intentions de celui-ci.\",\"breadcrumb\":{\"@id\":\"https:\\\/\\\/collegetroisvallees.be\\\/notredamedesanges\\\/projet-pedagogique\\\/#breadcrumb\"},\"inLanguage\":\"fr-FR\",\"potentialAction\":[{\"@type\":\"ReadAction\",\"target\":[\"https:\\\/\\\/collegetroisvallees.be\\\/notredamedesanges\\\/projet-pedagogique\\\/\"]}]},{\"@type\":\"BreadcrumbList\",\"@id\":\"https:\\\/\\\/collegetroisvallees.be\\\/notredamedesanges\\\/projet-pedagogique\\\/#breadcrumb\",\"itemListElement\":[{\"@type\":\"ListItem\",\"position\":1,\"name\":\"Accueil\",\"item\":\"https:\\\/\\\/collegetroisvallees.be\\\/notredamedesanges\\\/\"},{\"@type\":\"ListItem\",\"position\":2,\"name\":\"Projet p\u00e9dagogique\"}]},{\"@type\":\"WebSite\",\"@id\":\"https:\\\/\\\/collegetroisvallees.be\\\/notredamedesanges\\\/#website\",\"url\":\"https:\\\/\\\/collegetroisvallees.be\\\/notredamedesanges\\\/\",\"name\":\"Notre-Dame des Anges\",\"description\":\"\",\"potentialAction\":[{\"@type\":\"SearchAction\",\"target\":{\"@type\":\"EntryPoint\",\"urlTemplate\":\"https:\\\/\\\/collegetroisvallees.be\\\/notredamedesanges\\\/?s={search_term_string}\"},\"query-input\":{\"@type\":\"PropertyValueSpecification\",\"valueRequired\":true,\"valueName\":\"search_term_string\"}}],\"inLanguage\":\"fr-FR\"}]}<\/script>\n<!-- \/ Yoast SEO plugin. -->","yoast_head_json":{"title":"Projet \u00e9ducatif Notre-Dame des Anges","description":"Le projet p\u00e9dagogique ne peut exister sans le projet \u00e9ducatif, il traduit dans nos pratiques les intentions de celui-ci.","robots":{"index":"index","follow":"follow","max-snippet":"max-snippet:-1","max-image-preview":"max-image-preview:large","max-video-preview":"max-video-preview:-1"},"canonical":"https:\/\/collegetroisvallees.be\/notredamedesanges\/projet-pedagogique\/","og_locale":"fr_FR","og_type":"article","og_title":"Coll\u00e8ge Notre-Dame des Anges","og_description":"Situ\u00e9 \u00e0 Genval en Brabant wallon, ce coll\u00e8ge familial propose une fili\u00e8re francophone et une immersion en n\u00e9erlandais.","og_url":"https:\/\/collegetroisvallees.be\/notredamedesanges\/projet-pedagogique\/","og_site_name":"Notre-Dame des Anges","article_publisher":"https:\/\/www.facebook.com\/profile.php?id=100048287660729","article_modified_time":"2025-01-28T12:58:30+00:00","og_image":[{"width":800,"height":260,"url":"https:\/\/collegetroisvallees.be\/notredamedesanges\/wp-content\/uploads\/2023\/03\/cropped-Logo_CND3V.png","type":"image\/png"}],"twitter_card":"summary_large_image","twitter_misc":{"Dur\u00e9e de lecture estim\u00e9e":"4 minutes"},"schema":{"@context":"https:\/\/schema.org","@graph":[{"@type":"WebPage","@id":"https:\/\/collegetroisvallees.be\/notredamedesanges\/projet-pedagogique\/","url":"https:\/\/collegetroisvallees.be\/notredamedesanges\/projet-pedagogique\/","name":"Projet \u00e9ducatif Notre-Dame des Anges","isPartOf":{"@id":"https:\/\/collegetroisvallees.be\/notredamedesanges\/#website"},"datePublished":"2023-03-15T13:35:18+00:00","dateModified":"2025-01-28T12:58:30+00:00","description":"Le projet p\u00e9dagogique ne peut exister sans le projet \u00e9ducatif, il traduit dans nos pratiques les intentions de celui-ci.","breadcrumb":{"@id":"https:\/\/collegetroisvallees.be\/notredamedesanges\/projet-pedagogique\/#breadcrumb"},"inLanguage":"fr-FR","potentialAction":[{"@type":"ReadAction","target":["https:\/\/collegetroisvallees.be\/notredamedesanges\/projet-pedagogique\/"]}]},{"@type":"BreadcrumbList","@id":"https:\/\/collegetroisvallees.be\/notredamedesanges\/projet-pedagogique\/#breadcrumb","itemListElement":[{"@type":"ListItem","position":1,"name":"Accueil","item":"https:\/\/collegetroisvallees.be\/notredamedesanges\/"},{"@type":"ListItem","position":2,"name":"Projet p\u00e9dagogique"}]},{"@type":"WebSite","@id":"https:\/\/collegetroisvallees.be\/notredamedesanges\/#website","url":"https:\/\/collegetroisvallees.be\/notredamedesanges\/","name":"Notre-Dame des Anges","description":"","potentialAction":[{"@type":"SearchAction","target":{"@type":"EntryPoint","urlTemplate":"https:\/\/collegetroisvallees.be\/notredamedesanges\/?s={search_term_string}"},"query-input":{"@type":"PropertyValueSpecification","valueRequired":true,"valueName":"search_term_string"}}],"inLanguage":"fr-FR"}]}},"_links":{"self":[{"href":"https:\/\/collegetroisvallees.be\/notredamedesanges\/wp-json\/wp\/v2\/pages\/6374","targetHints":{"allow":["GET"]}}],"collection":[{"href":"https:\/\/collegetroisvallees.be\/notredamedesanges\/wp-json\/wp\/v2\/pages"}],"about":[{"href":"https:\/\/collegetroisvallees.be\/notredamedesanges\/wp-json\/wp\/v2\/types\/page"}],"author":[{"embeddable":true,"href":"https:\/\/collegetroisvallees.be\/notredamedesanges\/wp-json\/wp\/v2\/users\/1"}],"replies":[{"embeddable":true,"href":"https:\/\/collegetroisvallees.be\/notredamedesanges\/wp-json\/wp\/v2\/comments?post=6374"}],"version-history":[{"count":59,"href":"https:\/\/collegetroisvallees.be\/notredamedesanges\/wp-json\/wp\/v2\/pages\/6374\/revisions"}],"predecessor-version":[{"id":10576,"href":"https:\/\/collegetroisvallees.be\/notredamedesanges\/wp-json\/wp\/v2\/pages\/6374\/revisions\/10576"}],"wp:attachment":[{"href":"https:\/\/collegetroisvallees.be\/notredamedesanges\/wp-json\/wp\/v2\/media?parent=6374"}],"curies":[{"name":"wp","href":"https:\/\/api.w.org\/{rel}","templated":true}]}}